{"id":5,"date":"2016-10-12T02:34:56","date_gmt":"2016-10-12T00:34:56","guid":{"rendered":"http:\/\/kikev.de\/rms\/?page_id=5"},"modified":"2025-07-02T11:40:34","modified_gmt":"2025-07-02T09:40:34","slug":"froebel-kinderhaus-rosa-menzer-strasse","status":"publish","type":"page","link":"https:\/\/kikev.de\/rms\/","title":{"rendered":"FR\u00d6BEL-Kinderhaus Rosa-Menzer-Stra\u00dfe"},"content":{"rendered":"<p><img loading=\"lazy\" decoding=\"async\" class=\"alignnone wp-image-518 size-medium\" src=\"https:\/\/kikev.de\/rms\/wp-content\/uploads\/sites\/4\/2018\/11\/Froebel_Kinderhaus_Rosa_Menzer_Stra\u00dfe_01-300x200.jpg\" alt=\"Ansicht eines Seitentraktes des Fr\u00f6bel-Kinderhauses Rosa-Menzer-Stra\u00dfe Dresden vom Haupteingang aus gesehen. \" width=\"300\" height=\"200\" srcset=\"https:\/\/kikev.de\/rms\/wp-content\/uploads\/sites\/4\/2018\/11\/Froebel_Kinderhaus_Rosa_Menzer_Stra\u00dfe_01-300x200.jpg 300w, https:\/\/kikev.de\/rms\/wp-content\/uploads\/sites\/4\/2018\/11\/Froebel_Kinderhaus_Rosa_Menzer_Stra\u00dfe_01-768x512.jpg 768w, https:\/\/kikev.de\/rms\/wp-content\/uploads\/sites\/4\/2018\/11\/Froebel_Kinderhaus_Rosa_Menzer_Stra\u00dfe_01.jpg 800w\" sizes=\"auto, (max-width: 300px) 100vw, 300px\" \/><\/p>\n<p>&nbsp;<\/p>\n<p><span style=\"color: #000000; font-family: arial,helvetica,sans-serif; font-size: 18px;\"><strong>WIR \u00dcBER UNS<\/strong><\/span><\/p>\n<p><span style=\"color: #000000; font-family: arial, helvetica, sans-serif; font-size: 14pt;\">Das in einer verkehrsberuhigten Gr\u00fcnzone und mit \u00f6ffentlichen Verkehrsmitteln gut zu erreichende Kinderhaus im Stadtteil Dresden-Striesen bietet Platz f\u00fcr 134 Kinder in acht Gruppen.<\/span><\/p>\n<p><span style=\"color: #000000; font-family: arial, helvetica, sans-serif; font-size: 14pt;\">Aufgenommen werden Kinder im Alter von unter einem Jahr bis zum Schuleintritt. Unsere Kinder werden in kleiner Altersmischung in den Bereichen Kinderkrippe und Kindergarten betreut. Mit unseren Kindern leben 14 Erzieherinnen und 5 technische Mitarbeiter.<\/span><\/p>\n<p><span style=\"color: #000000; font-family: arial, helvetica, sans-serif; font-size: 14pt;\">Wir orientieren uns in unserer Arbeit am p\u00e4dagogischen Ansatz FRIEDRICH FR\u00d6BELS.<\/span><\/p>\n<p><span style=\"color: #000000; font-family: arial, helvetica, sans-serif; font-size: 14pt;\">Das Kinderhaus, als Lebens- und Erfahrungsraum unserer Kinder, soll ihnen einen Alltag mit vielf\u00e4ltigen eigenen T\u00e4tigkeiten, die Achtung vor dem Leben, den Umgang mit Natur und Kultur erm\u00f6glichen. Dabei \u00fcbernehmen unsere Kinder Verantwortung f\u00fcr sich selbst und f\u00fcr Andere.<\/span><\/p>\n<p><span style=\"color: #000000; font-family: arial, helvetica, sans-serif; font-size: 14pt;\">Unser gro\u00dfes Freigel\u00e4nde bietet viele M\u00f6glichkeiten zum Spiel. In den G\u00e4rten der Kinder k\u00f6nnen sie gemeinsam mit der Erzieherin t\u00e4tig werden, aber auch ein eigenes Beet gestalten und pflegen. Mit Kr\u00e4utern und Gem\u00fcse, welches von den Kindern geerntet wurde, wird gern in unserer K\u00fcche gekocht. Gro\u00dfen Wert legen wir auf eine enge Zusammenarbeit mit unseren Eltern und mit \u00f6ffentlichen Einrichtungen der Umgebung.<\/span><\/p>\n<p>&nbsp;<\/p>\n","protected":false},"excerpt":{"rendered":"<p>&nbsp; WIR \u00dcBER UNS Das in einer verkehrsberuhigten Gr\u00fcnzone und mit \u00f6ffentlichen Verkehrsmitteln gut zu erreichende Kinderhaus im Stadtteil Dresden-Striesen bietet Platz f\u00fcr 134 Kinder in acht Gruppen. Aufgenommen werden Kinder im Alter von unter einem Jahr bis zum Schuleintritt. Unsere Kinder werden in kleiner Altersmischung in den Bereichen Kinderkrippe und Kindergarten betreut. Mit unseren [&hellip;]<\/p>\n","protected":false},"author":1,"featured_media":0,"parent":0,"menu_order":0,"comment_status":"closed","ping_status":"closed","template":"","meta":{"_et_pb_use_builder":"off","_et_pb_old_content":"","_et_gb_content_width":"","footnotes":""},"class_list":["post-5","page","type-page","status-publish","hentry"],"_links":{"self":[{"href":"https:\/\/kikev.de\/rms\/wp-json\/wp\/v2\/pages\/5","targetHints":{"allow":["GET"]}}],"collection":[{"href":"https:\/\/kikev.de\/rms\/wp-json\/wp\/v2\/pages"}],"about":[{"href":"https:\/\/kikev.de\/rms\/wp-json\/wp\/v2\/types\/page"}],"author":[{"embeddable":true,"href":"https:\/\/kikev.de\/rms\/wp-json\/wp\/v2\/users\/1"}],"replies":[{"embeddable":true,"href":"https:\/\/kikev.de\/rms\/wp-json\/wp\/v2\/comments?post=5"}],"version-history":[{"count":0,"href":"https:\/\/kikev.de\/rms\/wp-json\/wp\/v2\/pages\/5\/revisions"}],"wp:attachment":[{"href":"https:\/\/kikev.de\/rms\/wp-json\/wp\/v2\/media?parent=5"}],"curies":[{"name":"wp","href":"https:\/\/api.w.org\/{rel}","templated":true}]}}