{"id":19,"date":"2016-10-12T02:38:44","date_gmt":"2016-10-12T00:38:44","guid":{"rendered":"http:\/\/kikev.de\/rms\/?page_id=19"},"modified":"2025-11-06T00:12:06","modified_gmt":"2025-11-05T23:12:06","slug":"anmeldung-rms","status":"publish","type":"page","link":"https:\/\/kikev.de\/rms\/froebel-kinderhaus-rosa-menzer-strasse\/anmeldung-rms\/","title":{"rendered":"Anmeldung"},"content":{"rendered":"<h2><strong><span style=\"font-family: arial, helvetica, sans-serif; color: #000000;\">Besichtigung der Kindertagesst\u00e4tte<\/span><\/strong><\/h2>\n<p><span style=\"font-family: arial, helvetica, sans-serif; font-size: 14pt; color: #000000;\"><strong>Sie sind auf der Suche nach der passenden Kindertagesst\u00e4tte f\u00fcr Ihr Kind?<\/strong><\/span><\/p>\n<p><span style=\"font-family: arial, helvetica, sans-serif; font-size: 14pt; color: #000000;\">Schauen Sie sich in unserer Einrichtung um! Sprechen Sie mit uns.\u00a0Wir freuen uns, wenn Sie sich unsere Einrichtung vor einer Anmeldung ansehen und wir uns pers\u00f6nlich kennen lernen k\u00f6nnen.<\/span><\/p>\n<p><span style=\"font-family: arial, helvetica, sans-serif; font-size: 14pt; color: #000000;\">Gern nehmen wir uns Zeit f\u00fcr Sie, um Ihnen Informationen \u00fcber unsere Einrichtung, freie Platzkapazit\u00e4ten und unsere p\u00e4dagogische Arbeit zu geben sowie\u00a0Ihre Fragen zu beantworten.<\/span><\/p>\n<p><span style=\"font-family: arial, helvetica, sans-serif; font-size: 14pt; color: #000000;\">Damit wir uns ausreichend Zeit f\u00fcr Sie einplanen k\u00f6nnen, bitten wir Sie, mit uns einen <strong>Termin f\u00fcr Ihren Besuch<\/strong> zu <strong>vereinbaren<\/strong>. Am besten telefonisch <strong>(Tel. 0351 \u2013 3 10 03 42)<\/strong>. Vielen Dank.<\/span><\/p>\n<p>&nbsp;<\/p>\n<h2><strong><span style=\"font-family: arial, helvetica, sans-serif; color: #000000;\">Anmeldung f\u00fcr einen Betreuungsplatz<\/span><\/strong><\/h2>\n<p><span style=\"font-family: arial, helvetica, sans-serif; font-size: 14pt;\"><span style=\"color: #000000;\">Ihre <strong>Anmeldung f\u00fcr einen Betreuungsplatz<\/strong> erfolgt dann <\/span><strong><span style=\"color: #000000;\">\u00fcber<\/span> <span style=\"color: #000080;\"><a style=\"color: #000080;\" href=\"https:\/\/kita-anmeldung.dresden.de\/\" target=\"_blank\" rel=\"noopener\">das zentrale Anmeldesystem der Stadt Dresden<\/a><\/span><\/strong><span style=\"color: #000000;\"> f\u00fcr alle Kindertageseinrichtungen in freier und st\u00e4dtischer Tr\u00e4gerschaft, sowie Kindertagespflege. \u00a0\u00a0<\/span><\/span><\/p>\n<p><span style=\"font-family: arial, helvetica, sans-serif; font-size: 14pt; color: #000000;\">Seit\u00a01. September 2013 geben Eltern ihre Anmeldung \u00fcber<strong><span style=\"color: #000080;\"> <a style=\"color: #000080;\" href=\"https:\/\/kita-anmeldung.dresden.de\" target=\"_blank\" rel=\"noopener\">kita-anmeldung.dresden.de<\/a><\/span><\/strong> auf elektronischem Weg ab. Die Beratungs- und Vermittlungsstelle bearbeitet die Anmeldungen f\u00fcr kommunale Kitas. Sie leitet die Anmeldungen f\u00fcr Pl\u00e4tze in Kitas freier Tr\u00e4ger zur Pr\u00fcfung an die Tr\u00e4ger bzw. Kindertageseinrichtungen der freien Jugendhilfe weiter. \u00a0<\/span><\/p>\n<p><span style=\"font-family: arial, helvetica, sans-serif; font-size: 14pt; color: #000000;\">Die Eltern erhalten dann von der Beratungs- und Vermittlungsstelle eine schriftliche Information, per Post, Fax oder Mail, zum Vermittlungsergebnis.\u00a0<\/span><\/p>\n<p><span style=\"font-family: arial, helvetica, sans-serif; font-size: 14pt; color: #000000;\"><strong>Anmeldungen f\u00fcr die Kindertagespflege<\/strong> gibt der Eigenbetrieb an die jeweilige Beratungs- und Vermittlungsstelle f\u00fcr Kindertagespflege weiter. Sie nimmt direkt mit den Eltern Kontakt auf.\u00a0<\/span><\/p>\n<p><span style=\"font-family: arial, helvetica, sans-serif; font-size: 14pt; color: #000000;\">Eltern, die <strong>keinen Zugang zum Internet<\/strong> haben, k\u00f6nnen in der Beratungs- und Vermittlungsstelle weiter ihren <strong>schriftlichen Antrag<\/strong> einreichen. Dieser wird dann im E-Kita-System erfasst und weiter wie die elektronischen Antr\u00e4ge behandelt.\u00a0<em>(Quelle: Amtsblatt Dresden, 27.06.2013)<\/em>\u00a0 \u00a0<\/span><\/p>\n<p><span style=\"font-family: arial, helvetica, sans-serif; font-size: 14pt; color: #000000;\">Unser Team freut sich auf Ihren Besuch und Ihre Anmeldung!<\/span><\/p>\n","protected":false},"excerpt":{"rendered":"<p>Besichtigung der Kindertagesst\u00e4tte Sie sind auf der Suche nach der passenden Kindertagesst\u00e4tte f\u00fcr Ihr Kind? Schauen Sie sich in unserer Einrichtung um! Sprechen Sie mit uns.\u00a0Wir freuen uns, wenn Sie sich unsere Einrichtung vor einer Anmeldung ansehen und wir uns pers\u00f6nlich kennen lernen k\u00f6nnen. Gern nehmen wir uns Zeit f\u00fcr Sie, um Ihnen Informationen \u00fcber [&hellip;]<\/p>\n","protected":false},"author":1,"featured_media":0,"parent":5,"menu_order":0,"comment_status":"closed","ping_status":"closed","template":"","meta":{"_et_pb_use_builder":"off","_et_pb_old_content":"","_et_gb_content_width":"","footnotes":""},"class_list":["post-19","page","type-page","status-publish","hentry"],"_links":{"self":[{"href":"https:\/\/kikev.de\/rms\/wp-json\/wp\/v2\/pages\/19","targetHints":{"allow":["GET"]}}],"collection":[{"href":"https:\/\/kikev.de\/rms\/wp-json\/wp\/v2\/pages"}],"about":[{"href":"https:\/\/kikev.de\/rms\/wp-json\/wp\/v2\/types\/page"}],"author":[{"embeddable":true,"href":"https:\/\/kikev.de\/rms\/wp-json\/wp\/v2\/users\/1"}],"replies":[{"embeddable":true,"href":"https:\/\/kikev.de\/rms\/wp-json\/wp\/v2\/comments?post=19"}],"version-history":[{"count":0,"href":"https:\/\/kikev.de\/rms\/wp-json\/wp\/v2\/pages\/19\/revisions"}],"up":[{"embeddable":true,"href":"https:\/\/kikev.de\/rms\/wp-json\/wp\/v2\/pages\/5"}],"wp:attachment":[{"href":"https:\/\/kikev.de\/rms\/wp-json\/wp\/v2\/media?parent=19"}],"curies":[{"name":"wp","href":"https:\/\/api.w.org\/{rel}","templated":true}]}}